{"id":41,"date":"2020-12-11T17:09:25","date_gmt":"2020-12-11T20:09:25","guid":{"rendered":"https:\/\/sites.unipampa.edu.br\/proddoc\/?page_id=41"},"modified":"2024-07-12T08:40:10","modified_gmt":"2024-07-12T11:40:10","slug":"noticias","status":"publish","type":"page","link":"https:\/\/acervo.unipampa.edu.br\/proddoc\/noticias\/","title":{"rendered":"Not\u00edcias"},"content":{"rendered":"<header class=\"entry-header\">\n<div class=\"entry-content\">\n<section id=\"primary\" class=\"content-area col-sm-12 col-lg-9\"><main id=\"main\" class=\"site-main\" role=\"main\"><\/p>\n<article id=\"post-41\" class=\"post-41 page type-page status-publish hentry\">\n<div class=\"entry-content\" style=\"text-align: center\">\n<article id=\"post-41\" class=\"post-41 page type-page status-publish hentry\">\n<div class=\"entry-content\" style=\"text-align: center\">\n<h4><strong>PRODDOC foi selecionado para participar do \u201c42\u00ba SEURS &#8211; A Extens\u00e3o que queremos\u201d<\/strong><\/h4>\n<\/div>\n<\/article>\n<\/div>\n<\/article>\n<h6 style=\"text-align: justify\"><strong><em>Por Cl\u00e1udia dos Santos<\/em><\/strong><\/h6>\n<p>&nbsp;<\/p>\n<p style=\"text-align: justify\">O <strong>Programa de Extens\u00e3o, Cataloga\u00e7\u00e3o e Digitaliza\u00e7\u00e3o de Documenta\u00e7\u00e3o Hist\u00f3rica (PRODDOC)<\/strong>, da <strong>Unipampa \u2013 Campus Jaguar\u00e3o<\/strong>, foi selecionado para participar do <a href=\"https:\/\/www.ufrgs.br\/seurs42\/\" target=\"_blank\" rel=\"noopener\"><strong>42\u00ba SEURS<\/strong><\/a> na categoria Tert\u00falias. O evento ocorrer\u00e1 de 11 a 13 de setembro de 2024, em Porto Alegre.<\/p>\n<p style=\"text-align: justify\">Ao expor seu trabalho no 42\u00ba SEURS, o PRODDOC contribuir\u00e1 para a reflex\u00e3o sobre o papel da extens\u00e3o universit\u00e1ria para a comunidade acad\u00eamica e a sociedade. A digitaliza\u00e7\u00e3o de documentos hist\u00f3ricos preserva a mem\u00f3ria coletiva, democratiza o acesso \u00e0 informa\u00e7\u00e3o e promove a conscientiza\u00e7\u00e3o sobre a import\u00e2ncia de proteger o patrim\u00f4nio cultural. Em um momento em que quest\u00f5es como crises clim\u00e1ticas, desigualdades estruturais e reconhecimento das identidades de grupos minorizados s\u00e3o fundamentais, o trabalho do PRODDOC se alinha perfeitamente com os objetivos e valores do evento.<\/p>\n<p style=\"text-align: justify\">A participa\u00e7\u00e3o do PRODDOC no 42\u00ba SEURS n\u00e3o apenas valoriza o trabalho realizado at\u00e9 agora, mas tamb\u00e9m fortalece o compromisso da UNIPAMPA com a extens\u00e3o universit\u00e1ria e a preserva\u00e7\u00e3o da hist\u00f3ria e cultura regional. \u00c9 uma oportunidade de apresentar como a academia pode contribuir de forma significativa para a sociedade, promovendo o di\u00e1logo, a inova\u00e7\u00e3o e a preserva\u00e7\u00e3o do patrim\u00f4nio hist\u00f3rico e cultural.<\/p>\n<p style=\"text-align: center\"><strong>Sobre o 42\u00ba SEURS<\/strong><\/p>\n<p style=\"text-align: justify\">O 42\u00ba Semin\u00e1rio de Extens\u00e3o Universit\u00e1ria da Regi\u00e3o Sul (SEURS 42) ser\u00e1 organizado pela Pr\u00f3-Reitoria de Extens\u00e3o da Universidade Federal do Rio Grande do Sul. O evento ocorrer\u00e1 de 11 a 13 de setembro de 2024, no Campus Centro da UFRGS, em Porto Alegre. Seu objetivo principal \u00e9 promover o interc\u00e2mbio entre as Institui\u00e7\u00f5es P\u00fablicas de Ensino Superior da Regi\u00e3o Sul do Brasil \u2013 Paran\u00e1, Santa Catarina e Rio Grande do Sul \u2013 estimulando o di\u00e1logo interinstitucional e a troca de experi\u00eancias entre extensionistas e comunidades.<\/p>\n<p style=\"text-align: justify\">A tem\u00e1tica escolhida para o evento deste ano \u00e9 \u201cA Extens\u00e3o que queremos\u201d e procura refletir, a partir das pr\u00e1ticas extensionistas atuais, que futuros estamos produzindo e o que desejamos para as institui\u00e7\u00f5es de ensino superior e para a sociedade do amanh\u00e3. Mais que produzir questionamentos, o tema do SEURS 42 \u00e9 um chamamento para a constru\u00e7\u00e3o de um mundo mais sustent\u00e1vel, no qual temas como crises clim\u00e1ticas e ambientais, combate \u00e0s desigualdades estruturais e reconhecimento das quest\u00f5es identit\u00e1rias de grupos minorizados se fortale\u00e7am ainda mais como valores indissoci\u00e1veis da agenda da extens\u00e3o universit\u00e1ria.<\/p>\n<p style=\"text-align: justify\">Durante os tr\u00eas dias de programa\u00e7\u00e3o, ser\u00e3o desenvolvidas atividades estruturadas nas seguintes modalidades: Tert\u00falias (apresenta\u00e7\u00f5es orais com rodas de conversas), V\u00eddeo-P\u00f4ster (apresentados em totens e com p\u00fablico espectador) e Oficinas. O evento contar\u00e1 ainda com a Confer\u00eancia de Abertura e atividades culturais diversas.<\/p>\n<p style=\"text-align: justify\"><em>(Fonte: https:\/\/www.ufrgs.br\/seurs42\/o-evento\/)<\/em><\/p>\n<p style=\"text-align: right\">Jaguar\u00e3o, 12 de julho de 2024.<\/p>\n<p>&nbsp;<\/p>\n<p>&nbsp;<\/p>\n<p>&nbsp;<\/p>\n<p>&nbsp;<\/p>\n<p>&nbsp;<\/p>\n<p><\/main><\/section>\n<\/div>\n<\/header>\n<p>&nbsp;<\/p>\n<header class=\"entry-header\">\n<h4><\/h4>\n<h4><\/h4>\n<h4 style=\"text-align: center\">*\u00a0 \u00a0 \u00a0*\u00a0 \u00a0 \u00a0*<\/h4>\n<h4 class=\"entry-title\"><strong>PRODDOC no 15\u00ba. SIEPE: celebrando 10 anos de comprometimento com a Hist\u00f3ria de Jaguar\u00e3o<\/strong><\/h4>\n<\/header>\n<h6><strong><em>Por Cl\u00e1udia dos Santos<\/em><\/strong><\/h6>\n<div class=\"entry-content\">\n<section id=\"primary\" class=\"content-area col-sm-12 col-lg-9\"><main id=\"main\" class=\"site-main\" role=\"main\">\u00a0<\/p>\n<article id=\"post-41\" class=\"post-41 page type-page status-publish hentry\">\n<div class=\"entry-content\" style=\"text-align: center\">\n<p><img decoding=\"async\" loading=\"lazy\" class=\"size-medium wp-image-6681 aligncenter\" src=\"https:\/\/acervo.unipampa.edu.br\/proddoc\/wp-content\/uploads\/sites\/2\/2023\/12\/siepe_01-239x300.jpg\" alt=\"\" width=\"239\" height=\"300\" srcset=\"https:\/\/acervo.unipampa.edu.br\/proddoc\/wp-content\/uploads\/sites\/2\/2023\/12\/siepe_01-239x300.jpg 239w, https:\/\/acervo.unipampa.edu.br\/proddoc\/wp-content\/uploads\/sites\/2\/2023\/12\/siepe_01-814x1024.jpg 814w, https:\/\/acervo.unipampa.edu.br\/proddoc\/wp-content\/uploads\/sites\/2\/2023\/12\/siepe_01-768x966.jpg 768w, https:\/\/acervo.unipampa.edu.br\/proddoc\/wp-content\/uploads\/sites\/2\/2023\/12\/siepe_01-205x258.jpg 205w, https:\/\/acervo.unipampa.edu.br\/proddoc\/wp-content\/uploads\/sites\/2\/2023\/12\/siepe_01-480x603.jpg 480w, https:\/\/acervo.unipampa.edu.br\/proddoc\/wp-content\/uploads\/sites\/2\/2023\/12\/siepe_01.jpg 1201w\" sizes=\"(max-width: 239px) 100vw, 239px\" \/><\/p>\n<p>Cl\u00e1udia dos Santos, bolsista PRODDOC<br \/>\nImagem: Acervo\/Cl\u00e1udia Santos<\/p>\n<p style=\"text-align: justify\">O <strong>Programa de Extens\u00e3o, Cataloga\u00e7\u00e3o e Digitaliza\u00e7\u00e3o de Documenta\u00e7\u00e3o Hist\u00f3rica (PRODDOC)<\/strong> marcou presen\u00e7a no <strong>15\u00ba Sal\u00e3o Internacional de Ensino, Pesquisa e Extens\u00e3o (Siepe)<\/strong> da <strong>Universidade Federal do Pampa (Unipampa)<\/strong>, realizado entre os dias 28 e 30 de novembro, no Campus Ca\u00e7apava do Sul.<\/p>\n<p style=\"text-align: justify\">No \u00faltimo dia 30, o programa apresentou o poster intitulado <strong>\u201c10 anos do Programa de Extens\u00e3o, Cataloga\u00e7\u00e3o e Digitaliza\u00e7\u00e3o de Documenta\u00e7\u00e3o Hist\u00f3rica \u2013 PRODDOC\u201d,<\/strong> por meio da exposi\u00e7\u00e3o realizada pela bolsista Cl\u00e1udia dos Santos.<\/p>\n<article id=\"post-41\" class=\"post-41 page type-page status-publish hentry\">\n<div class=\"entry-content\" style=\"text-align: center\">\n<p style=\"text-align: justify\">Este evento foi uma excelente oportunidade para o PRODDOC compartilhar o trabalho realizado ao longo de sua primeira d\u00e9cada de exist\u00eancia em coopera\u00e7\u00e3o com o <strong>Instituto Hist\u00f3rico e Geogr\u00e1fico de Jaguar\u00e3o (IHGJ)<\/strong> e enfatizar sua significativa contribui\u00e7\u00e3o para os pilares fundamentais da universidade: ensino, pesquisa e extens\u00e3o.<\/p>\n<p style=\"text-align: right\">Jaguar\u00e3o, 1 de dezembro de 2023.<\/p>\n<\/div>\n<\/article>\n<\/div>\n<\/article>\n<p>&nbsp;<\/p>\n<p>&nbsp;<\/p>\n<p>&nbsp;<\/p>\n<p>&nbsp;<\/p>\n<p>&nbsp;<\/p>\n<p>&nbsp;<\/p>\n<p>&nbsp;<\/p>\n<p>&nbsp;<\/p>\n<p><\/main><\/section>\n<\/div>\n<h4 style=\"text-align: center\">*\u00a0 \u00a0 \u00a0*\u00a0 \u00a0 \u00a0*<\/h4>\n<h4 style=\"text-align: center\"><strong>PRODDOC participa do <em>&#8220;II Webin\u00e1rio \u2013 Relatos de Experi\u00eancias&#8221;<\/em> do Curso de Forma\u00e7\u00e3o Continuada Mem\u00f3ria e Patrim\u00f4nio, Participa\u00e7\u00e3o Social e Institucionalidade, do Rio Grande do Sul<\/strong><\/h4>\n<h6 style=\"text-align: justify\"><strong>Por Cl\u00e1udia dos Santos<\/strong><\/h6>\n<p style=\"text-align: justify\">No \u00faltimo dia 9, o PRODDOC \u2013 Unipampa marcou presen\u00e7a no <strong>II Webin\u00e1rio \u2013 Relatos de Experi\u00eancias<\/strong>, do <strong>Curso de Forma\u00e7\u00e3o Continuada Mem\u00f3ria e Patrim\u00f4nio, Participa\u00e7\u00e3o Social e Institucionalidade<\/strong>. O evento, transmitido pelo YouTube no canal do Colegiado Setorial de Mem\u00f3ria e Patrim\u00f4nio do RS e mediado por Rubia Ana Mossi Frizzo, Angelita Peixoto e Gabriela, foi realizado em parceria com a Secretaria do Estado da Cultura por meio do Sistema Estadual da Cultura e do Instituto do Patrim\u00f4nio Hist\u00f3rico e Art\u00edstico do Estado do Rio Grande do Sul.<\/p>\n<p style=\"text-align: justify\">O PRODDOC contou com a participa\u00e7\u00e3o do membro colaborador Professor Dr. Alan Dutra de Melo e do Professor Dr. Alexandre dos Santos Villas B\u00f4as, Coordenador do Programa, que apresentou o Programa de Extens\u00e3o, Cataloga\u00e7\u00e3o e Digitaliza\u00e7\u00e3o de Documenta\u00e7\u00e3o Hist\u00f3rica, contando seu hist\u00f3rico ao longo da \u00faltima d\u00e9cada e a proje\u00e7\u00e3o de a\u00e7\u00f5es futuras.<\/p>\n<p style=\"text-align: justify\">No mesmo dia, o webin\u00e1rio recebeu tamb\u00e9m as apresenta\u00e7\u00f5es da Dra. Andr\u00e9a Lacerda Bachettini, restauradora, que destacou a atua\u00e7\u00e3o do Laborat\u00f3rio Aberto de Conserva\u00e7\u00e3o e Restaura\u00e7\u00e3o de Bens Culturais da UFPel; Regis Marques Gomes, presidente da Casa dos A\u00e7ores, com reflex\u00f5es sobre a o processo de restaura\u00e7\u00e3o da Casa dos A\u00e7ores em Gravata\u00ed, Rio Grande do Sul; Dra. Noris Mara Pacheco Martins Leal, historiadora, apresentando o Museu do Doce, e discutindo a salvaguarda do patrim\u00f4nio material e imaterial brasileiro. Ao final, o espa\u00e7o foi aberto para uma roda de conversa e sess\u00e3o de perguntas aos participantes do webin\u00e1rio.<\/p>\n<p>Acesse o v\u00eddeo completo: <a href=\"https:\/\/www.youtube.com\/live\/uWAajOAIFpE?si=_CH5yWJ9FcbidNzl\">https:\/\/www.youtube.com\/live\/uWAajOAIFpE?si=_CH5yWJ9FcbidNzl<\/a><\/p>\n<p>&nbsp;<\/p>\n<p><img decoding=\"async\" loading=\"lazy\" class=\"wp-image-5903 aligncenter\" src=\"https:\/\/acervo.unipampa.edu.br\/proddoc\/wp-content\/uploads\/sites\/2\/2023\/11\/webinario_10-2-1024x531.png\" alt=\"\" width=\"601\" height=\"312\" srcset=\"https:\/\/acervo.unipampa.edu.br\/proddoc\/wp-content\/uploads\/sites\/2\/2023\/11\/webinario_10-2-1024x531.png 1024w, https:\/\/acervo.unipampa.edu.br\/proddoc\/wp-content\/uploads\/sites\/2\/2023\/11\/webinario_10-2-300x155.png 300w, https:\/\/acervo.unipampa.edu.br\/proddoc\/wp-content\/uploads\/sites\/2\/2023\/11\/webinario_10-2-768x398.png 768w, https:\/\/acervo.unipampa.edu.br\/proddoc\/wp-content\/uploads\/sites\/2\/2023\/11\/webinario_10-2-205x106.png 205w, https:\/\/acervo.unipampa.edu.br\/proddoc\/wp-content\/uploads\/sites\/2\/2023\/11\/webinario_10-2-480x249.png 480w, https:\/\/acervo.unipampa.edu.br\/proddoc\/wp-content\/uploads\/sites\/2\/2023\/11\/webinario_10-2.png 1366w\" sizes=\"(max-width: 601px) 100vw, 601px\" \/><\/p>\n<pre style=\"text-align: center\"> II Webin\u00e1rio - Relatos de Experi\u00eancia\r\n\r\n<\/pre>\n<p><img decoding=\"async\" loading=\"lazy\" class=\"wp-image-5907 aligncenter\" src=\"https:\/\/acervo.unipampa.edu.br\/proddoc\/wp-content\/uploads\/sites\/2\/2023\/11\/webinario_09-2-1024x576.png\" alt=\"\" width=\"601\" height=\"338\" srcset=\"https:\/\/acervo.unipampa.edu.br\/proddoc\/wp-content\/uploads\/sites\/2\/2023\/11\/webinario_09-2-1024x576.png 1024w, https:\/\/acervo.unipampa.edu.br\/proddoc\/wp-content\/uploads\/sites\/2\/2023\/11\/webinario_09-2-300x169.png 300w, https:\/\/acervo.unipampa.edu.br\/proddoc\/wp-content\/uploads\/sites\/2\/2023\/11\/webinario_09-2-768x432.png 768w, https:\/\/acervo.unipampa.edu.br\/proddoc\/wp-content\/uploads\/sites\/2\/2023\/11\/webinario_09-2-205x115.png 205w, https:\/\/acervo.unipampa.edu.br\/proddoc\/wp-content\/uploads\/sites\/2\/2023\/11\/webinario_09-2-480x270.png 480w, https:\/\/acervo.unipampa.edu.br\/proddoc\/wp-content\/uploads\/sites\/2\/2023\/11\/webinario_09-2.png 1366w\" sizes=\"(max-width: 601px) 100vw, 601px\" \/><\/p>\n<pre style=\"text-align: center\">II Webin\u00e1rio - Relatos de Experi\u00eancia<\/pre>\n<p style=\"text-align: center\"><em>Cr\u00e9dito das Imagens: Colegiado Setorial de Mem\u00f3ria e Patrim\u00f4nio do RS<\/em><\/p>\n<p style=\"text-align: right\">Jaguar\u00e3o, 16 de novembro de 2023.<\/p>\n<h4 style=\"text-align: center\">*\u00a0 \u00a0 \u00a0*\u00a0 \u00a0 \u00a0*<\/h4>\n<h4 class=\"field-content\" style=\"text-align: center\"><strong>Unipampa &#8211;<\/strong><strong>\u00a0Campus Jaguar\u00e3o recebe a visita de alunos da EMEF Manoel Pereira Vargas no PRODDOC, que conta com novas atividades<\/strong><\/h4>\n<h6 style=\"text-align: justify\"><strong>Por Cl\u00e1udia dos Santos<\/strong><\/h6>\n<p style=\"text-align: justify\">O Programa de Extens\u00e3o, Cataloga\u00e7\u00e3o e Digitaliza\u00e7\u00e3o de Documenta\u00e7\u00e3o Hist\u00f3rica (PRODDOC), da Unipampa, sob coordena\u00e7\u00e3o do historiador, Dr. Alexandre dos Santos Villas B\u00f4as e co-coordena\u00e7\u00e3o da bibliotec\u00e1ria Tatiane Marques de Oliveira, est\u00e1 retomando seus trabalhos com novas atividades, contando com a participa\u00e7\u00e3o das bolsistas Isadora Cabreira da Silva, discente do curso de Letras Portugu\u00eas-Espanhol, e Cl\u00e1udia dos Santos, discente do curso de Letras EaD, ambas da Unipampa \u2013 Campus Jaguar\u00e3o.<\/p>\n<p style=\"text-align: justify\">O PRODDOC desenvolve atividades de cataloga\u00e7\u00e3o e digitaliza\u00e7\u00e3o de documentos hist\u00f3ricos armazenados no Instituto Hist\u00f3rico e Geogr\u00e1fico de Jaguar\u00e3o\u00a0(IHGJ), por meio de acordo de coopera\u00e7\u00e3o com a universidade, preservando a integridade f\u00edsica da manipula\u00e7\u00e3o dos acervos. O escaneamento do material selecionado \u00e9 realizado com o uso de <em>scanner<\/em> planet\u00e1rio de fabrica\u00e7\u00e3o alem\u00e3, modelo Zeutschel OS 12000, que permite a capta\u00e7\u00e3o de imagens de grandes formatos, adquirido pela Unipampa em 2015. O armazenamento das imagens em arquivo digital \u00e9 disponibilizado em um reposit\u00f3rio digital, por meio do <em>software<\/em> Tainacan, possibilitando o acesso para consulta, pesquisas acad\u00eamicas e hist\u00f3ricas, tanto do p\u00fablico interno quanto externo \u00e0 Universidade.<\/p>\n<p style=\"text-align: justify\">Nessa nova etapa, o PRODDOC est\u00e1 catalogando e digitalizando o acervo do peri\u00f3dico \u201cA Situa\u00e7\u00e3o\u201d, que serviu como notici\u00e1rio oficial do Partido Republicano Jaguarense, sendo publicado no in\u00edcio do s\u00e9culo XX, at\u00e9 meados da d\u00e9cada de 1930. A inten\u00e7\u00e3o do projeto \u00e9 futuramente expandir suas atividades para outros campi da universidade, que possuam acervos hist\u00f3ricos para serem digitalizados.<\/p>\n<h5 style=\"text-align: center\"><strong>O PRODDOC abre suas portas para visitas monitoradas<\/strong><\/h5>\n<p style=\"text-align: justify\">Na \u00faltima sexta-feira (27), os alunos da Escola Municipal Manoel Pereira Vargas, do bairro Pindorama, realizaram uma visita ao PRODDOC, acompanhados da Professora de Hist\u00f3ria K\u00eanya Jessyca Martins de Paiva. Os alunos dos \u00faltimos anos do ensino fundamental conheceram o processo de cataloga\u00e7\u00e3o, digitaliza\u00e7\u00e3o e armazenamento de documentos hist\u00f3ricos da cidade de Jaguar\u00e3o. A visita foi monitorada pelas bolsistas Isadora Cabreira e Cl\u00e1udia dos Santos.<\/p>\n<p style=\"text-align: justify\">* K\u00eanya Jessyca Martins de Paiva foi aluna da Unipampa &#8211; Campus Jaguar\u00e3o, cursando as gradua\u00e7\u00f5es de Hist\u00f3ria e Turismo, especializa\u00e7\u00e3o no Ensino de Hist\u00f3ria e mestrado em Educa\u00e7\u00e3o.<\/p>\n<p>&nbsp;<\/p>\n<p><img decoding=\"async\" loading=\"lazy\" class=\"wp-image-5851 aligncenter\" src=\"https:\/\/acervo.unipampa.edu.br\/proddoc\/wp-content\/uploads\/sites\/2\/2023\/11\/imagem-01-claudia-dos-santos-3-300x225.jpeg\" alt=\"\" width=\"333\" height=\"250\" srcset=\"https:\/\/acervo.unipampa.edu.br\/proddoc\/wp-content\/uploads\/sites\/2\/2023\/11\/imagem-01-claudia-dos-santos-3-300x225.jpeg 300w, https:\/\/acervo.unipampa.edu.br\/proddoc\/wp-content\/uploads\/sites\/2\/2023\/11\/imagem-01-claudia-dos-santos-3-1024x769.jpeg 1024w, https:\/\/acervo.unipampa.edu.br\/proddoc\/wp-content\/uploads\/sites\/2\/2023\/11\/imagem-01-claudia-dos-santos-3-768x576.jpeg 768w, https:\/\/acervo.unipampa.edu.br\/proddoc\/wp-content\/uploads\/sites\/2\/2023\/11\/imagem-01-claudia-dos-santos-3-1536x1153.jpeg 1536w, https:\/\/acervo.unipampa.edu.br\/proddoc\/wp-content\/uploads\/sites\/2\/2023\/11\/imagem-01-claudia-dos-santos-3-205x154.jpeg 205w, https:\/\/acervo.unipampa.edu.br\/proddoc\/wp-content\/uploads\/sites\/2\/2023\/11\/imagem-01-claudia-dos-santos-3-480x360.jpeg 480w, https:\/\/acervo.unipampa.edu.br\/proddoc\/wp-content\/uploads\/sites\/2\/2023\/11\/imagem-01-claudia-dos-santos-3.jpeg 1600w\" sizes=\"(max-width: 333px) 100vw, 333px\" \/><\/p>\n<pre style=\"text-align: center\">Isadora Cabreira\/PRODDOC com a\u00a0Professora K\u00eanya e os alunos do\r\n8\u00ba e 9\u00ba anos da EMEF Manoel Pereira Vargas, de Jaguar\u00e3o.<\/pre>\n<p>&nbsp;<\/p>\n<p><img decoding=\"async\" loading=\"lazy\" class=\"alignnone size-medium wp-image-5854 aligncenter\" src=\"https:\/\/acervo.unipampa.edu.br\/proddoc\/wp-content\/uploads\/sites\/2\/2023\/11\/imagem-02-claudia-dos-santos-225x300.jpeg\" alt=\"\" width=\"225\" height=\"300\" srcset=\"https:\/\/acervo.unipampa.edu.br\/proddoc\/wp-content\/uploads\/sites\/2\/2023\/11\/imagem-02-claudia-dos-santos-225x300.jpeg 225w, https:\/\/acervo.unipampa.edu.br\/proddoc\/wp-content\/uploads\/sites\/2\/2023\/11\/imagem-02-claudia-dos-santos-769x1024.jpeg 769w, https:\/\/acervo.unipampa.edu.br\/proddoc\/wp-content\/uploads\/sites\/2\/2023\/11\/imagem-02-claudia-dos-santos-768x1023.jpeg 768w, https:\/\/acervo.unipampa.edu.br\/proddoc\/wp-content\/uploads\/sites\/2\/2023\/11\/imagem-02-claudia-dos-santos-1153x1536.jpeg 1153w, https:\/\/acervo.unipampa.edu.br\/proddoc\/wp-content\/uploads\/sites\/2\/2023\/11\/imagem-02-claudia-dos-santos-205x273.jpeg 205w, https:\/\/acervo.unipampa.edu.br\/proddoc\/wp-content\/uploads\/sites\/2\/2023\/11\/imagem-02-claudia-dos-santos-480x639.jpeg 480w, https:\/\/acervo.unipampa.edu.br\/proddoc\/wp-content\/uploads\/sites\/2\/2023\/11\/imagem-02-claudia-dos-santos.jpeg 1201w\" sizes=\"(max-width: 225px) 100vw, 225px\" \/><\/p>\n<pre style=\"text-align: center\"> Ashley Garcia Nunes e Julia Almada Terra Moreno (8\u00ba ano);\r\nAlessandro Machado Feij\u00f3 (9\u00ba ano).<\/pre>\n<p>&nbsp;<\/p>\n<p><img decoding=\"async\" loading=\"lazy\" class=\"alignnone size-medium wp-image-5855 aligncenter\" src=\"https:\/\/acervo.unipampa.edu.br\/proddoc\/wp-content\/uploads\/sites\/2\/2023\/11\/imagem-03-claudia-dos-santos-225x300.jpeg\" alt=\"\" width=\"225\" height=\"300\" srcset=\"https:\/\/acervo.unipampa.edu.br\/proddoc\/wp-content\/uploads\/sites\/2\/2023\/11\/imagem-03-claudia-dos-santos-225x300.jpeg 225w, https:\/\/acervo.unipampa.edu.br\/proddoc\/wp-content\/uploads\/sites\/2\/2023\/11\/imagem-03-claudia-dos-santos-769x1024.jpeg 769w, https:\/\/acervo.unipampa.edu.br\/proddoc\/wp-content\/uploads\/sites\/2\/2023\/11\/imagem-03-claudia-dos-santos-768x1023.jpeg 768w, https:\/\/acervo.unipampa.edu.br\/proddoc\/wp-content\/uploads\/sites\/2\/2023\/11\/imagem-03-claudia-dos-santos-1153x1536.jpeg 1153w, https:\/\/acervo.unipampa.edu.br\/proddoc\/wp-content\/uploads\/sites\/2\/2023\/11\/imagem-03-claudia-dos-santos-205x273.jpeg 205w, https:\/\/acervo.unipampa.edu.br\/proddoc\/wp-content\/uploads\/sites\/2\/2023\/11\/imagem-03-claudia-dos-santos-480x639.jpeg 480w, https:\/\/acervo.unipampa.edu.br\/proddoc\/wp-content\/uploads\/sites\/2\/2023\/11\/imagem-03-claudia-dos-santos.jpeg 1201w\" sizes=\"(max-width: 225px) 100vw, 225px\" \/><\/p>\n<pre style=\"text-align: center\">\u00a0Emily Vergara Lima da Silva (9\u00ba ano).<\/pre>\n<p style=\"text-align: center\"><em>Cr\u00e9dito das imagens: Cl\u00e1udia dos Santos\/PRODDOC<\/em><\/p>\n<h5 style=\"text-align: center\"><strong>Evento comemorativo de 10 anos do PRODDOC<\/strong><\/h5>\n<p style=\"text-align: justify\">Em dezembro o PRODDOC realizar\u00e1 evento online comemorativo de uma d\u00e9cada de atividades. Acompanhe nas redes sociais a divulga\u00e7\u00e3o da programa\u00e7\u00e3o!<\/p>\n<p>Conhe\u00e7a as p\u00e1ginas do PRODDOC e agende sua visita!<\/p>\n<p>E-mail: unipampaproddoc@gmail.com<\/p>\n<p>Facebook:\u00a0<a href=\"https:\/\/www.facebook.com\/proddocunipampa\">https:\/\/www.facebook.com\/proddocunipampa<\/a><\/p>\n<p>Instagram:\u00a0<a href=\"https:\/\/www.instagram.com\/proddocunipampa\/\">https:\/\/www.instagram.com\/proddocunipampa\/<\/a><\/p>\n<p>YouTube:\u00a0<a href=\"https:\/\/www.youtube.com\/@ProddocUnipampa\">https:\/\/www.youtube.com\/@ProddocUnipampa<\/a><\/p>\n<p>X Twitter:\u00a0<a href=\"https:\/\/twitter.com\/ProddocUnipampa\">https:\/\/twitter.com\/ProddocUnipampa<\/a><\/p>\n<p style=\"text-align: right\">Jaguar\u00e3o, 1 de novembro de 2023.<\/p>\n<h4 style=\"text-align: center\">*\u00a0 \u00a0 \u00a0*\u00a0 \u00a0 \u00a0*<\/h4>\n<h4 class=\"field-content\" style=\"text-align: center\"><strong>Campus Jaguar\u00e3o recebe visita do Instituto Hist\u00f3rico e Geogr\u00e1fico do munic\u00edpio<\/strong><\/h4>\n<h6><strong>Por Sofia Viero Sorgetzt<\/strong><\/h6>\n<p style=\"text-align: justify\">O Campus Jaguar\u00e3o da Universidade Federal do Pampa (Unipampa) recebeu, no dia 25 de abril, a visita de integrantes do Instituto Hist\u00f3rico e Geogr\u00e1fico de Jaguar\u00e3o (IHGJ). O IHGJ foi fundado em 1966, tendo a finalidade de preservar e estudar a hist\u00f3ria da cidade de Jaguar\u00e3o atrav\u00e9s da salvaguarda de documentos, objetos e acervos pessoais e p\u00fablicos doados \u00e0 entidade. A visita faz parte de um Acordo de Coopera\u00e7\u00e3o entre a Unipampa e o Instituto. O Acordo tamb\u00e9m abrange a digitaliza\u00e7\u00e3o de documentos hist\u00f3ricos datados do s\u00e9culo XIX, que est\u00e3o sob a guarda do IHGJ, cabendo \u00e0 Unipampa, atrav\u00e9s do Programa de Extens\u00e3o Cataloga\u00e7\u00e3o e Digitaliza\u00e7\u00e3o de Documenta\u00e7\u00e3o Hist\u00f3rica (Proddoc), a higieniza\u00e7\u00e3o e digitaliza\u00e7\u00e3o, assim como sua disponibiliza\u00e7\u00e3o na internet.<\/p>\n<p style=\"text-align: justify\">Durante a visita, os membros e o presidente do IHGJ, Marcelo Ferreira da Silva, acompanhados pela Coordenadora Administrativa do campus, Tatiane Marques de Oliveira, e o Coordenador do Programa de Extens\u00e3o, Alexandre dos Santos Villas B\u00f4as, puderam conhecer as depend\u00eancias do campus, a biblioteca, que possui cerca de 30 mil livros, o restaurante universit\u00e1rio, a casa do estudante, e, por fim, a sala do Proddoc onde est\u00e1 localizado o scanner planet\u00e1rio, sendo demonstrado o processo de digitaliza\u00e7\u00e3o.<\/p>\n<p style=\"text-align: justify\">De acordo com Alexandre Villas B\u00f4as, a atividade foi muito importante para estreitar os la\u00e7os entre a Universidade e a comunidade externa, tendo em vista as possibilidades geradas pelas atividades de extens\u00e3o, como uma devolutiva para a comunidade da presen\u00e7a da universidade atrav\u00e9s de um servi\u00e7o que possibilita a preserva\u00e7\u00e3o dos documentos hist\u00f3ricos da cidade de Jaguar\u00e3o, ao mesmo tempo que democratiza o acesso destes documentos pela internet, bem como possibilitou a intera\u00e7\u00e3o dos membros do IHGJ com a comunidade acad\u00eamica do campus.<\/p>\n<p style=\"text-align: justify\">O Programa de Extens\u00e3o Cataloga\u00e7\u00e3o e Digitaliza\u00e7\u00e3o de Documenta\u00e7\u00e3o Hist\u00f3rica (Proddoc), vem atuando em parceria com o IHGJ desde 2012, tendo digitalizado mais de 2 mil documentos, datados desde 1845. Os documentos hist\u00f3ricos digitalizados pelo Programa de Extens\u00e3o Cataloga\u00e7\u00e3o e Digitaliza\u00e7\u00e3o de Documenta\u00e7\u00e3o Hist\u00f3rica podem ser acessados neste\u00a0<a href=\"http:\/\/%20https\/\/acervo.unipampa.edu.br\/proddoc\">link<\/a>.<\/p>\n<p><img decoding=\"async\" loading=\"lazy\" class=\"aligncenter\" src=\"https:\/\/unipampa.edu.br\/portal\/sites\/default\/files\/styles\/adaptive\/public\/imagens_noticias_destaque\/photo-2023-04-25-16-00-00_2.jpg?itok=GcwULdjr\" alt=\"Foto dos membros do IHGJ reunidos em visita ao Campus Jaguar\u00e3o da Unipampa.\" width=\"534\" height=\"401\" \/><\/p>\n<pre style=\"text-align: center\">Membros do IHGJ visitam o Campus Jaguar\u00e3o da Unipampa\r\nImagem: Acervo\/PRODDOC<\/pre>\n<p style=\"text-align: right\">Jaguar\u00e3o, 26 de abril de 2022.<\/p>\n<h4 style=\"text-align: center\">*\u00a0 \u00a0 \u00a0*\u00a0 \u00a0 \u00a0*<\/h4>\n<header class=\"entry-header\">\n<h4 class=\"entry-title\" style=\"text-align: center\">PRODDOC d\u00e1 continuidade \u00e0 publica\u00e7\u00e3o de fontes hist\u00f3ricas<\/h4>\n<\/header>\n<div class=\"entry-content\">\n<p style=\"text-align: justify\">Prosseguindo com o processo de difus\u00e3o por via digital de fontes hist\u00f3ricas produzidas no munic\u00edpio de Jaguar\u00e3o, o Programa de Extens\u00e3o Cataloga\u00e7\u00e3o e Digitaliza\u00e7\u00e3o de Documenta\u00e7\u00e3o Hist\u00f3rica (PRODDOC), sediado no Campus Jaguar\u00e3o da UNIPAMPA, liberou o acesso a mais um acervo de documentos de grande valor para o conhecimento sobre a hist\u00f3ria da regi\u00e3o sul do Estado atrav\u00e9s do seu reposit\u00f3rio digital. Trata-se da cole\u00e7\u00e3o do peri\u00f3dico <i>O Jaguarense<\/i>, primeiro jornal a ser editado em Jaguar\u00e3o. Com circula\u00e7\u00e3o iniciada em 7 de setembro de 1855, foi fundado e redigido pelo ex-militar, advogado e jornalista carioca Pedro Bernardino de Moura (1828-1880) em uma tipografia localizada entre as atuais ruas Bar\u00e3o do Rio Branco e Quinze de Novembro, no centro da cidade. A cole\u00e7\u00e3o \u00e9 composta por 115 exemplares datados entre 12\/09\/1855 e 10\/08\/1856, os quais est\u00e3o agrupados em volumes no formato de arquivo PDF e divididos de acordo com o m\u00eas de circula\u00e7\u00e3o.<\/p>\n<p style=\"text-align: center\"><b>Difus\u00e3o dos documentos foi poss\u00edvel atrav\u00e9s de parceria entre Instituto Hist\u00f3rico e UNIPAMPA<\/b><\/p>\n<p style=\"text-align: justify\">Da mesma forma que as atas da C\u00e2mara Municipal referentes ao per\u00edodo mon\u00e1rquico, quase dois mil exemplares de jornais que circularam em Jaguar\u00e3o entre 1855 e 1991 foram higienizados, catalogados e digitalizados, e gradualmente ser\u00e3o publicados para acesso livre e irrestrito atrav\u00e9s do reposit\u00f3rio do PRODDOC. Essas a\u00e7\u00f5es s\u00e3o parte da parceria firmada entre a UNIPAMPA e o Instituto Hist\u00f3rico e Geogr\u00e1fico de Jaguar\u00e3o, institui\u00e7\u00e3o sem fins lucrativos que \u00e9 respons\u00e1vel pela salvaguarda da documenta\u00e7\u00e3o hist\u00f3rica original, tendo a universidade criado, em 2012, um projeto de extens\u00e3o universit\u00e1ria para executar o processo, visto que o IHGJ n\u00e3o dispunha de recursos financeiros para faz\u00ea-lo. O projeto, que recentemente foi transformado em programa de extens\u00e3o (possibilitando assim a atua\u00e7\u00e3o em propostas semelhantes de institui\u00e7\u00f5es da regi\u00e3o de abrang\u00eancia da UNIPAMPA), \u00e9 composto por uma equipe multidisciplinar de colaboradores e bolsistas, a qual inclui profissionais das \u00e1reas de hist\u00f3ria, biblioteconomia, arquiv\u00edstica, tecnologia da informa\u00e7\u00e3o, produ\u00e7\u00e3o cultural e letras coordenados pelo Dr. Alexandre dos Santos Villas Boas, historiador do campus.<\/p>\n<p style=\"text-align: center\"><b>Muito al\u00e9m do primeiro jornal<\/b><\/p>\n<p style=\"text-align: justify\">Envolvido com a pol\u00edtica desde o tempo que estudava no Rio de Janeiro, Pedro Bernardino de Moura foi enviado ao Rio Grande do Sul como puni\u00e7\u00e3o. Foi colaborador do jornal\u00a0<i>Di\u00e1rio do Rio Grande<\/i>\u00a0e naquela cidade portu\u00e1ria fundou o peri\u00f3dico cr\u00edtico-opinativo\u00a0<i>O Carij\u00f3<\/i>.\u00a0Por volta de mar\u00e7o de 1855, na companhia de seu irm\u00e3o, o tamb\u00e9m jornalista Carlos Bernardino, Pedro mudou-se para Jaguar\u00e3o, onde inicialmente trabalhou como advogado provisionado. Atrav\u00e9s de uma an\u00e1lise dos editoriais produzidos e reproduzidos por O Jaguarense, \u00e9 poss\u00edvel dizer que o peri\u00f3dico se posicionava como cr\u00edtico da pol\u00edtica de concilia\u00e7\u00e3o entre os partidos Liberal e Conservador que orientou o per\u00edodo do Marqu\u00eas de Paran\u00e1 como chefe do governo mon\u00e1rquico (1853-1856). As \u00e1cidas opini\u00f5es direcionadas a autoridades locais, especialmente ao juiz de Direito Jos\u00e9 de Ara\u00fajo Brusque, e as den\u00fancias contra alguns atos da C\u00e2mara Municipal de Jaguar\u00e3o desencadearam uma s\u00e9rie de viol\u00eancias contra o jornal e seu propriet\u00e1rio: a tipografia foi invadida pelo menos duas vezes e Pedro Bernardino de Moura recebeu amea\u00e7as contra sua integridade f\u00edsica que repercutiram em todo o pa\u00eds.<\/p>\n<p style=\"text-align: justify\">Em tempos da pandemia de COVID-19, o usu\u00e1rio tamb\u00e9m poder\u00e1 encontrar na cole\u00e7\u00e3o do jornal O Jaguarense, informa\u00e7\u00f5es e narrativas sobre uma crise sanit\u00e1ria vivenciada pelo Brasil no s\u00e9culo XIX e que vem sendo comparada com o atual contexto global: entre novembro e dezembro de 1855, uma violenta epidemia de c\u00f3lera-morbo provocou a morte de quase trezentas pessoas em Jaguar\u00e3o. Atrav\u00e9s de seu jornal, Pedro Bernardino de Moura registrou a a\u00e7\u00e3o (e a omiss\u00e3o) das autoridades p\u00fablicas no combate \u00e0 emerg\u00eancia sanit\u00e1ria, abriu suas p\u00e1ginas para a publica\u00e7\u00e3o de teorias que buscavam educar a popula\u00e7\u00e3o acerca do processo de cont\u00e1gio com a doen\u00e7a e garantiu espa\u00e7o para a divulga\u00e7\u00e3o de uma surpreendente variedade de tratamentos (medicinais e religiosos) contra o c\u00f3lera dispon\u00edveis naquele momento de escassos recursos, em uma sociedade na qual as supersti\u00e7\u00f5es do catolicismo luso-brasileiro exerciam forte influ\u00eancia cultural.<\/p>\n<p style=\"text-align: center\"><b>F\u00e1cil acesso e ferramentas de pesquisa<\/b><\/p>\n<p style=\"text-align: justify\">Tanto o reposit\u00f3rio como a cole\u00e7\u00e3o foram constru\u00eddos de acordo com normas e recomenda\u00e7\u00f5es de organiza\u00e7\u00f5es nacionais e internacionais, como o Conselho Internacional de Arquivos. Esta escolha implicou n\u00e3o somente na padroniza\u00e7\u00e3o, como tamb\u00e9m no oferecimento de modernos recursos para o usu\u00e1rio mediante a ado\u00e7\u00e3o do software Tainacan para o gerenciamento do reposit\u00f3rio. Assim, por exemplo, todos os volumes da cole\u00e7\u00e3o do jornal O Jaguarense possuem descri\u00e7\u00e3o arquiv\u00edstica e historiogr\u00e1fica, contendo dados que podem auxiliar o pesquisador na recupera\u00e7\u00e3o de informa\u00e7\u00f5es. Al\u00e9m disso, a ferramenta de Reconhecimento \u00d3ptico de Caracteres est\u00e1 habilitada, possibilitando que o usu\u00e1rio, atrav\u00e9s do comando Ctrl-F, pesquise por palavras e express\u00f5es no interior de cada arquivo digital.<\/p>\n<p style=\"text-align: justify\">Para conhecer o reposit\u00f3rio digital e acessar as cole\u00e7\u00f5es de documentos hist\u00f3ricos, basta entrar nesse link: <a href=\"https:\/\/acervo.unipampa.edu.br\/proddoc\/colecoes\/\">\u00a0https:\/\/acervo.unipampa.edu.br\/proddoc\/colecoes\/<\/a><\/p>\n<p style=\"text-align: right\">Jaguar\u00e3o, 4 de fevereiro de 2022.<\/p>\n<\/div>\n<h4 style=\"text-align: center\">*\u00a0 \u00a0 \u00a0*\u00a0 \u00a0 \u00a0*<\/h4>\n<h4 style=\"text-align: center\"><span style=\"color: #000000\"><b>Projeto de extens\u00e3o lan\u00e7a <em>site<\/em> com acervo hist\u00f3rico digital<\/b><\/span><\/h4>\n<p style=\"text-align: justify\"><span style=\"font-weight: 400\">O Programa de Extens\u00e3o Cataloga\u00e7\u00e3o e Digitaliza\u00e7\u00e3o de Documenta\u00e7\u00e3o Hist\u00f3rica (PRODDOC) surgiu atrav\u00e9s de uma parceria com o Instituto Hist\u00f3rico e Geogr\u00e1fico de Jaguar\u00e3o (IHGJ) ap\u00f3s a comunidade jaguarense demonstrar o anseio da preserva\u00e7\u00e3o dos registros hist\u00f3ricos do munic\u00edpio, os quais encontravam-se em prec\u00e1rias condi\u00e7\u00f5es de armazenamento deteriorando-se, e tamb\u00e9m obter um maior acesso a esses documentos para que gera\u00e7\u00f5es futuras conhe\u00e7am sua hist\u00f3ria.\u00a0<\/span><\/p>\n<p style=\"text-align: justify\"><span style=\"font-weight: 400\">Dando continuidade ao trabalho desenvolvido, o PRODDOC estar\u00e1 lan\u00e7ando seu site, com o objetivo de divulgar o acervo digitalizado do Instituto Hist\u00f3rico e Geogr\u00e1fico de Jaguar\u00e3o (IHGJ), onde encontram-se peri\u00f3dicos, atas da C\u00e2mara de Vereadores, registros de \u00f3bitos, c\u00f3pias de mapas, livros e diversos outros tipos de registros, muitos destes datados do s\u00e9culo XIX. Esse acervo estar\u00e1 sendo disponibilizado atrav\u00e9s da ferramenta Tainacan, que \u00e9 uma tecnologia utilizada para a cria\u00e7\u00e3o de cole\u00e7\u00f5es digitais na internet, al\u00e9m disso, \u00e9 um software que permite a gest\u00e3o e a publica\u00e7\u00e3o de acervos digitais de uma forma f\u00e1cil e intuitiva.<\/span><\/p>\n<p style=\"text-align: justify\"><span style=\"font-weight: 400\">Ter esses documentos no meio digital far\u00e1 com que o acesso a eles seja facilitado, al\u00e9m da preserva\u00e7\u00e3o e durabilidade de um acervo que vem sendo desgastado com o passar do tempo, o qual \u00e9 de extrema import\u00e2ncia hist\u00f3rica e cultural para a regi\u00e3o. Para saber mais, basta acessar o site que est\u00e1 dispon\u00edvel no endere\u00e7o eletr\u00f4nico: <\/span><a href=\"https:\/\/acervo.unipampa.edu.br\/proddoc\/\"><span style=\"font-weight: 400\">https:\/\/acervo.unipampa.edu.br\/proddoc\/<\/span><\/a><span style=\"font-weight: 400\">, o qual estar\u00e1 sendo lan\u00e7ado nos pr\u00f3ximos dias.<\/span><\/p>\n<p style=\"text-align: right\">Jaguar\u00e3o, 6 de dezembro de 2021.<\/p>\n<h4 style=\"text-align: center\">*\u00a0 \u00a0 \u00a0*\u00a0 \u00a0 \u00a0*<\/h4>\n<header class=\"entry-header\">\n<h4 class=\"entry-title\" style=\"text-align: center\">Editais de Sele\u00e7\u00e3o de Bolsistas<\/h4>\n<\/header>\n<div class=\"entry-content\">\n<p>O Programa de Extens\u00e3o Cataloga\u00e7\u00e3o e Digitaliza\u00e7\u00e3o de Documenta\u00e7\u00e3o Hist\u00f3rica torna p\u00fablica a sele\u00e7\u00e3o de duas vagas para bolsistas, referentes aos editais Programa de Fomento a Extens\u00e3o \u2013 PROFEXT e Divulga\u00e7\u00e3o Cient\u00edfica e Democratiza\u00e7\u00e3o do Conhecimento da Pr\u00f3-Reitoria de Extens\u00e3o da Unipampa.<\/p>\n<p>A oportunidade \u00e9 para discentes de gradua\u00e7\u00e3o do Campus Jaguar\u00e3o da Unipampa, com carga hor\u00e1ria da bolsa de 20h semanais. As inscri\u00e7\u00f5es podem ser enviadas ao e-mail do coordenador alexandreboas@unipampa.edu.br<\/p>\n<p>Para maiores detalhes, acesse os editais aqui<\/p>\n<p><a href=\"https:\/\/acervo.unipampa.edu.br\/proddoc\/wp-content\/uploads\/sites\/2\/2021\/08\/selecao-bolsista-divulgacao-cientifica-2021.pdf\">Sele\u00e7\u00e3o Bolsista Divulga\u00e7\u00e3o Cient\u00edfica 2021<\/a>\u00a0<a href=\"https:\/\/acervo.unipampa.edu.br\/proddoc\/wp-content\/uploads\/sites\/2\/2021\/08\/selecao-bolsista-profext-2021.pdf\">Sele\u00e7\u00e3o Bolsista PROFEXT 2021<\/a><\/p>\n<p><a href=\"https:\/\/acervo.unipampa.edu.br\/proddoc\/wp-content\/uploads\/sites\/2\/2021\/08\/selecao-bolsista-profext-2021.pdf\">Sele\u00e7\u00e3o Bolsista PROFEXT 2021<\/a><\/p>\n<p style=\"text-align: right\">Jaguar\u00e3o, 10 de agosto de 2021.<\/p>\n<\/div>\n<h4 style=\"text-align: center\">*\u00a0 \u00a0 \u00a0*\u00a0 \u00a0 \u00a0*<\/h4>\n<h4 style=\"text-align: center\">UNIPAMPA apresenta pesquisa para a elabora\u00e7\u00e3o de acervo hist\u00f3rico digital<\/h4>\n<p><a href=\"https:\/\/acervo.unipampa.edu.br\/proddoc\/wp-content\/uploads\/sites\/2\/2020\/12\/noticia-nova-foto.jpg\"><img decoding=\"async\" loading=\"lazy\" class=\"aligncenter size-medium wp-image-113\" src=\"https:\/\/acervo.unipampa.edu.br\/proddoc\/wp-content\/uploads\/sites\/2\/2020\/12\/noticia-nova-foto-300x114.jpg\" alt=\"\" width=\"300\" height=\"114\" srcset=\"https:\/\/acervo.unipampa.edu.br\/proddoc\/wp-content\/uploads\/sites\/2\/2020\/12\/noticia-nova-foto-300x114.jpg 300w, https:\/\/acervo.unipampa.edu.br\/proddoc\/wp-content\/uploads\/sites\/2\/2020\/12\/noticia-nova-foto-768x293.jpg 768w, https:\/\/acervo.unipampa.edu.br\/proddoc\/wp-content\/uploads\/sites\/2\/2020\/12\/noticia-nova-foto-205x78.jpg 205w, https:\/\/acervo.unipampa.edu.br\/proddoc\/wp-content\/uploads\/sites\/2\/2020\/12\/noticia-nova-foto.jpg 960w\" sizes=\"(max-width: 300px) 100vw, 300px\" \/><\/a><\/p>\n<p style=\"text-align: justify\">No dia 18\/11\/2020, o Programa de Extens\u00e3o Universit\u00e1ria Cataloga\u00e7\u00e3o e Digitaliza\u00e7\u00e3o de Documenta\u00e7\u00e3o Hist\u00f3rica (PRODDOC), do Campus Jaguar\u00e3o da Universidade Federal do Pampa (UNIPAMPA) esteve presente no 38\u00ba Semin\u00e1rio de Extens\u00e3o Universit\u00e1ria da Regi\u00e3o Sul (SEURS), evento realizado em formato virtual, no qual o discente do curso de Historia e bolsista do programa Vitor Luiz Soares Figueiredo apresentou o trabalho \u201cLevantamento dos s\u00edtios eletr\u00f4nicos e softwares de gerenciamentos de acervos digitais no Rio Grande do Sul\u201d, sob orienta\u00e7\u00e3o do Dr. Alexandre dos Santos Villas Boas, coordenador do programa de extens\u00e3o.<\/p>\n<p style=\"text-align: justify\">O trabalho apresentado coletou informa\u00e7\u00f5es das institui\u00e7\u00f5es e universidade que possuem acervo digital hist\u00f3rico na internet, totalizando 38 locais, dos quais apenas 4 tem seu acervo dispon\u00edvel online, demonstrando a necessidade de realizar este tipo de trabalho em prol da democratiza\u00e7\u00e3o de acesso dos acervos hist\u00f3ricos. O objetivo deste trabalho visa subsidiar o programa de extens\u00e3o do Campus Jaguar\u00e3o na elabora\u00e7\u00e3o de um acervo digital para difus\u00e3o na internet da documenta\u00e7\u00e3o hist\u00f3rica custodiada pelo Instituto Hist\u00f3rico e Geogr\u00e1fico de Jaguar\u00e3o (IHGJ) e digitalizada pelo PRODDOC, consistindo em jornais e atas da C\u00e2mara de Vereadores de Jaguar\u00e3o do s\u00e9culo XIX, os quais ser\u00e3o \u00fateis para a constru\u00e7\u00e3o do conhecimento hist\u00f3rico sobre a regi\u00e3o de abrang\u00eancia do Campus Jaguar\u00e3o da UNIPAMPA.<\/p>\n<p style=\"text-align: right\">Jaguar\u00e3o, 19 de novembro de 2020.<\/p>\n<h4 style=\"text-align: center\">*\u00a0 \u00a0 \u00a0*\u00a0 \u00a0 \u00a0*<\/h4>\n<h4 style=\"text-align: center\">Resultado final de sele\u00e7\u00e3o de bolsista<\/h4>\n<p style=\"text-align: justify\">O Programa de Fomento a\u0300 Extensa\u0303o (PROFEXT) torna pu\u0301blico o resultado final de selec\u0327a\u0303o de bolsista para atuar no projeto Catalogac\u0327a\u0303o e Digitalizac\u0327a\u0303o de Documentac\u0327a\u0303o Histo\u0301rica, selecionado pelo Edital 182\/2020 PROFEXT.<\/p>\n<ol style=\"text-align: justify\">\n<li>Dados da Bolsa:<\/li>\n<\/ol>\n<p style=\"text-align: justify\">Orientador: Dr. Alexandre dos Santos Villas Bo\u0302as<\/p>\n<p style=\"text-align: justify\">Ti\u0301tulo do Projeto: Catalogac\u0327a\u0303o e Digitalizac\u0327a\u0303o de Documentac\u0327a\u0303o Histo\u0301rica Modalidade de bolsa: 20h semanais.<\/p>\n<p style=\"text-align: justify\">Valor da bolsa: R$400,00<\/p>\n<p style=\"text-align: justify\">Vige\u0302ncia: setembro a dezembro de 2020.<\/p>\n<p style=\"text-align: justify\">Em func\u0327a\u0303o da pandemia Covid-19, as ac\u0327o\u0303es de extensa\u0303o desenvolvidas no a\u0302mbito deste edital devem observar, de forma conti\u0301nua, o cumprimento dos protocolos de distanciamento, recomendac\u0327o\u0303es de sau\u0301de e demais normas vigentes sobre o tema, cabendo a(o) coordenador(a) a responsabilidade pela adequac\u0327a\u0303o das ac\u0327o\u0303es a serem desenvolvidas, conforme local de execuc\u0327a\u0303o.<\/p>\n<ol style=\"text-align: justify\" start=\"2\">\n<li>Classificac\u0327a\u0303o:<\/li>\n<\/ol>\n<p style=\"text-align: justify\">De acordo com os crite\u0301rios de selec\u0327a\u0303o foram classificados os seguintes discentes:<\/p>\n<p style=\"text-align: justify\">1o Eduarda Fernandes Jaime Lea\u0303o 2o Vini\u0301cius Costa Franco<\/p>\n<p style=\"text-align: justify\">3o E\u0302mily de Arau\u0301jo Edwards<\/p>\n<p style=\"text-align: justify\">4o Nicolas Jorge Perez<\/p>\n<p style=\"text-align: justify\">Desclassificados por na\u0303o atenderem os crite\u0301rios de selec\u0327a\u0303o:<\/p>\n<p style=\"text-align: justify\">Renato Vieira de Lima<\/p>\n<p style=\"text-align: justify\">Isabela Kaiber Diel<\/p>\n<p style=\"text-align: justify\">Dr. Alexandre dos Santos Villas Bo\u0302as Coordenador do Projeto de Extensa\u0303o Catalogac\u0327a\u0303o e Digitalizac\u0327a\u0303o de Documentac\u0327a\u0303o Histo\u0301rica<\/p>\n<p style=\"text-align: right\">Jaguara\u0303o, 11 de setembro de 2020.<\/p>\n<p>&nbsp;<\/p>\n<h4 style=\"text-align: center\">*\u00a0 \u00a0 \u00a0*\u00a0 \u00a0 \u00a0*<\/h4>\n<h4 style=\"text-align: center\">Oportunidade de bolsa<\/h4>\n<p style=\"text-align: justify\">O projeto de extens\u00e3o Cataloga\u00e7\u00e3o e Digitaliza\u00e7\u00e3o de Documenta\u00e7\u00e3o Hist\u00f3rica torna p\u00fablico o edital de sele\u00e7\u00e3o de bolsista remunerado de 20h para discentes do campus Jaguar\u00e3o da Unipampa.<\/p>\n<p style=\"text-align: justify\"><a href=\"https:\/\/acervo.unipampa.edu.br\/proddoc\/wp-content\/uploads\/sites\/2\/2020\/08\/selecao-bolsista-profext.pdf\">Selec\u0327a\u0303o Bolsista PROFEXT<\/a><\/p>\n<p>&nbsp;<\/p>\n<h4 style=\"text-align: center\">*\u00a0 \u00a0 \u00a0*\u00a0 \u00a0 \u00a0*<\/h4>\n<h4 style=\"text-align: center\">Programa de extens\u00e3o da Unipampa entrega documentos hist\u00f3ricos digitalizados<\/h4>\n<p><img decoding=\"async\" loading=\"lazy\" class=\"alignnone wp-image-6671 aligncenter\" src=\"https:\/\/acervo.unipampa.edu.br\/proddoc\/wp-content\/uploads\/sites\/2\/2019\/11\/ihgj_02-300x225.jpg\" alt=\"\" width=\"392\" height=\"294\" srcset=\"https:\/\/acervo.unipampa.edu.br\/proddoc\/wp-content\/uploads\/sites\/2\/2019\/11\/ihgj_02-300x225.jpg 300w, https:\/\/acervo.unipampa.edu.br\/proddoc\/wp-content\/uploads\/sites\/2\/2019\/11\/ihgj_02-1024x768.jpg 1024w, https:\/\/acervo.unipampa.edu.br\/proddoc\/wp-content\/uploads\/sites\/2\/2019\/11\/ihgj_02-768x576.jpg 768w, https:\/\/acervo.unipampa.edu.br\/proddoc\/wp-content\/uploads\/sites\/2\/2019\/11\/ihgj_02-1536x1152.jpg 1536w, https:\/\/acervo.unipampa.edu.br\/proddoc\/wp-content\/uploads\/sites\/2\/2019\/11\/ihgj_02-205x154.jpg 205w, https:\/\/acervo.unipampa.edu.br\/proddoc\/wp-content\/uploads\/sites\/2\/2019\/11\/ihgj_02-480x360.jpg 480w, https:\/\/acervo.unipampa.edu.br\/proddoc\/wp-content\/uploads\/sites\/2\/2019\/11\/ihgj_02.jpg 2048w\" sizes=\"(max-width: 392px) 100vw, 392px\" \/><\/p>\n<pre style=\"text-align: center\">PRODDOC no IHGJ\r\nImagem: Acervo\/PRODDOC<\/pre>\n<p style=\"text-align: justify\">Na noite da \u00faltima segunda-feira (25), na sede do Instituto Hist\u00f3rico e Geogr\u00e1fico de Jaguar\u00e3o foi realizada a solenidade de entrega dos documentos hist\u00f3ricos digitalizados da institui\u00e7\u00e3o, pelo Programa de Extens\u00e3o Cataloga\u00e7\u00e3o e Digitaliza\u00e7\u00e3o de Documenta\u00e7\u00e3o Hist\u00f3rica, do campus Jaguar\u00e3o da Unipampa.<\/p>\n<p style=\"text-align: justify\">Na oportunidade estavam presentes, o presidente Vagner Pacheco e os confrades do Instituto, a dire\u00e7\u00e3o do campus Jaguar\u00e3o, representada pelo prof. Alan Dutra de Melo, e a produtora cultural Simone Prior, os coordenadores do programa de extens\u00e3o, o historiador Alexandre dos Santos Villas B\u00f4as e a bibliotec\u00e1ria Tatiane Marques de Oliveira, al\u00e9m da integrante do programa, a bibliotec\u00e1ria Cristiane Teixeira.<\/p>\n<p style=\"text-align: justify\">Foi realizada uma apresenta\u00e7\u00e3o para os membros do instituto, com o hist\u00f3rico do programa de extens\u00e3o, que foi iniciado em 2012, bem como o processo de cataloga\u00e7\u00e3o e digitaliza\u00e7\u00e3o da documenta\u00e7\u00e3o hist\u00f3rica, a qual foi disponibilizada em arquivos armazenados no computador da institui\u00e7\u00e3o. O Programa de Extens\u00e3o Cataloga\u00e7\u00e3o e Digitaliza\u00e7\u00e3o de Documenta\u00e7\u00e3o tem por objetivo preservar as fontes documentais de institui\u00e7\u00f5es da sociedade civil na \u00e1rea de abrang\u00eancia da Unipampa, tendo iniciado o trabalho pelo Instituto Hist\u00f3rico e Geogr\u00e1fico de Jaguar\u00e3o, com a digitaliza\u00e7\u00e3o das atas da C\u00e2mara de Vereadores de 1845 a 1889; atas do Conselho Municipal de 1897 a 1919; jornais que circularam na cidade entre 1855 a 1980, totalizando 1946 exemplares e 76 t\u00edtulos de peri\u00f3dicos.<\/p>\n<p>&nbsp;<\/p>\n<h4 style=\"text-align: center\">*\u00a0 \u00a0 \u00a0*\u00a0 \u00a0 \u00a0*<\/h4>\n<h4 style=\"text-align: center\">Apresenta\u00e7\u00e3o de trabalho no 11\u00ba SIEPE UNIPAMPA<\/h4>\n<p><a href=\"https:\/\/acervo.unipampa.edu.br\/proddoc\/wp-content\/uploads\/sites\/2\/2019\/11\/siepe-2019-2.jpg\"><img decoding=\"async\" loading=\"lazy\" class=\"aligncenter wp-image-58\" src=\"https:\/\/acervo.unipampa.edu.br\/proddoc\/wp-content\/uploads\/sites\/2\/2019\/11\/siepe-2019-2-300x225.jpg\" alt=\"\" width=\"343\" height=\"257\" srcset=\"https:\/\/acervo.unipampa.edu.br\/proddoc\/wp-content\/uploads\/sites\/2\/2019\/11\/siepe-2019-2-300x225.jpg 300w, https:\/\/acervo.unipampa.edu.br\/proddoc\/wp-content\/uploads\/sites\/2\/2019\/11\/siepe-2019-2-768x576.jpg 768w, https:\/\/acervo.unipampa.edu.br\/proddoc\/wp-content\/uploads\/sites\/2\/2019\/11\/siepe-2019-2-205x154.jpg 205w, https:\/\/acervo.unipampa.edu.br\/proddoc\/wp-content\/uploads\/sites\/2\/2019\/11\/siepe-2019-2.jpg 960w\" sizes=\"(max-width: 343px) 100vw, 343px\" \/><\/a><\/p>\n<p style=\"text-align: justify\">No dia 26\/09\/2019 estivemos presentes no 11\u00ba Sal\u00e3o Internacional de Ensino, Pesquisa e Extens\u00e3o \u2013 SIEPE da UNIPAMPA, onde a bolsista Nycole Schmitt Andrade apresentou o trabalho \u201c Digitaliza\u00e7\u00e3o e Cataloga\u00e7\u00e3o de Documenta\u00e7\u00e3o Hist\u00f3rica: organiza\u00e7\u00e3o do acervo digital de peri\u00f3dicos, atas da c\u00e2mara e do conselho municipal de Jaguar\u00e3o (s\u00e9culos XIX e XX)\u201d<\/p>\n<p style=\"text-align: right\">Jaguar\u00e3o, 27 de setembro de 2019.<\/p>\n<h4 style=\"text-align: center\">*\u00a0 \u00a0 \u00a0*\u00a0 \u00a0 \u00a0*<\/h4>\n<h4 style=\"text-align: center\">Apresenta\u00e7\u00e3o de trabalho na 18\u00ba MPU FURG<\/h4>\n<p><a href=\"https:\/\/acervo.unipampa.edu.br\/proddoc\/wp-content\/uploads\/sites\/2\/2019\/11\/mpu-furg.jpg\"><img decoding=\"async\" loading=\"lazy\" class=\"aligncenter wp-image-54\" src=\"https:\/\/acervo.unipampa.edu.br\/proddoc\/wp-content\/uploads\/sites\/2\/2019\/11\/mpu-furg-300x225.jpg\" alt=\"\" width=\"338\" height=\"253\" srcset=\"https:\/\/acervo.unipampa.edu.br\/proddoc\/wp-content\/uploads\/sites\/2\/2019\/11\/mpu-furg-300x225.jpg 300w, https:\/\/acervo.unipampa.edu.br\/proddoc\/wp-content\/uploads\/sites\/2\/2019\/11\/mpu-furg-768x576.jpg 768w, https:\/\/acervo.unipampa.edu.br\/proddoc\/wp-content\/uploads\/sites\/2\/2019\/11\/mpu-furg-205x154.jpg 205w, https:\/\/acervo.unipampa.edu.br\/proddoc\/wp-content\/uploads\/sites\/2\/2019\/11\/mpu-furg.jpg 960w\" sizes=\"(max-width: 338px) 100vw, 338px\" \/><\/a><\/p>\n<p style=\"text-align: justify\">No dia 08\/10\/2019 foi apresentado um trabalho vinculado ao Programa de Cataloga\u00e7\u00e3o e Digitaliza\u00e7\u00e3o de Documenta\u00e7\u00e3o Hist\u00f3rica na 18\u00ba Mostra de Produ\u00e7\u00e3o Universit\u00e1ria da FURG pelo bolsista do programa, Daniel Filipe de Souza Soares, intitulada \u201cEntre mem\u00f3rias, atas e jornais: apresentando o Programa de Cataloga\u00e7\u00e3o e Digitaliza\u00e7\u00e3o de Documenta\u00e7\u00e3o Hist\u00f3rica\u201d.<\/p>\n<p style=\"text-align: right\">Jaguar\u00e3o, 9 de outubro de 2019.<\/p>\n<h4 style=\"text-align: center\">*\u00a0 \u00a0 \u00a0*\u00a0 \u00a0 \u00a0*<\/h4>\n<h4 style=\"text-align: center\">Acervo digital de Pedro Wayne \u00e9 doado a Casa de Cultura de Bag\u00e9<\/h4>\n<p style=\"text-align: justify\">Um grande passo para a constru\u00e7\u00e3o do Museu digital<\/p>\n<p style=\"text-align: justify\">Na tarde desta quarta-feira (07), na Casa de Cultura Pedro Wayne, a Universidade Federal do Pampa (Unipampa), realizou a entrega do acervo de recortes pessoais de Pedro Wayne digitalizados. Essa parceria entre a Prefeitura de Bag\u00e9, atrav\u00e9s da Secretaria de Cultura e Turismo (Secult) e Unipampa, faz parte do Projeto \u201cTra\u00e7os de Mem\u00f3ria e Ensino\u201d.<\/p>\n<p style=\"text-align: justify\">Segundo a diretora do espa\u00e7o, Eloisa Morgado, ap\u00f3s uma visita das bibliotec\u00e1rias da Universidade ao acervo da Casa, foi proposta a digitaliza\u00e7\u00e3o do documento e prontamente aceito pela gest\u00e3o. \u201cTemos um acervo rico em documentos e livros que poderia se perder com as a\u00e7\u00f5es do tempo\u201d, conta. A secret\u00e1ria Ana Carla Oliveira manifestou sua gratid\u00e3o \u00e0 equipe envolvida no projeto. \u201cEste \u00e9 um grande passo para eternizar a hist\u00f3ria da nossa cidade. Uma iniciativa que busca preservar o nosso patrim\u00f4nio. Agradecemos o carinho da Unipampa e o olhar atento do prefeito Divaldo Lara, que tamb\u00e9m reconhece a import\u00e2ncia do nosso turismo e cultura, que esta diretamente ligada a nossa hist\u00f3ria\u201d, disse a secret\u00e1ria.<\/p>\n<p style=\"text-align: justify\">Esteve presente a filha de Pedro Wayne, Esther Wayne Nogueira, que expressou sua emo\u00e7\u00e3o. \u201cAqui em Bag\u00e9 encontro as mem\u00f3rias de meu pai e cada vez que venho para c\u00e1 sou surpreendida com o carinho e as lembran\u00e7as que a cidade me traz\u201d, contou.<\/p>\n<p style=\"text-align: justify\">O pr\u00f3-reitor de extens\u00e3o e cultura da Universidade, Rafael Lucyk\u00a0 Maurer, disse que pretende ampliar o projeto para outras cidades que possuem campos da Unipampa. \u201cA universidade cumpre mais uma vez o seu papel no desenvolvimento social e regional. Nosso objetivo \u00e9 levar para outras cidades para que se resgate toda informa\u00e7\u00e3o que construiu o desenvolvimento hist\u00f3rico-cultural do nosso Rio Grande do Sul\u201d, explica. J\u00e1 o historiador, Alexandre Villas B\u00f4as, refor\u00e7a que o objetivo do projeto \u00e9 democratizar a informa\u00e7\u00e3o. \u201cO projeto iniciou em 2012 em Jaguar\u00e3o, com o objetivo de preservar as fontes documentais existentes no instituto hist\u00f3rico e geogr\u00e1fico de Jaguar\u00e3o. Hoje podemos ampliar e consolidar todo o processo hist\u00f3rico do nosso Estado\u201d, encerrou.<\/p>\n<p style=\"text-align: justify\">Comunica\u00e7\u00e3o Social e Mem\u00f3ria Prefeitura Municipal de Bag\u00e9 \u2013 https:\/\/www.bage.rs.gov.br\/\u2026\/unipampa-digitaliza-100-anos-\u2026<\/p>\n","protected":false},"excerpt":{"rendered":"<p>PRODDOC foi selecionado para participar do \u201c42\u00ba SEURS &#8211; A Extens\u00e3o que queremos\u201d Por Cl\u00e1udia dos Santos &nbsp; O Programa de Extens\u00e3o, Cataloga\u00e7\u00e3o e Digitaliza\u00e7\u00e3o de Documenta\u00e7\u00e3o Hist\u00f3rica (PRODDOC), da Unipampa \u2013 Campus Jaguar\u00e3o, foi selecionado para participar do 42\u00ba SEURS na categoria Tert\u00falias. O evento ocorrer\u00e1 de 11 a 13 de setembro de 2024, [&hellip;]<\/p>\n","protected":false},"author":5,"featured_media":0,"parent":0,"menu_order":0,"comment_status":"closed","ping_status":"closed","template":"","meta":{"footnotes":""},"_links":{"self":[{"href":"https:\/\/acervo.unipampa.edu.br\/proddoc\/wp-json\/wp\/v2\/pages\/41"}],"collection":[{"href":"https:\/\/acervo.unipampa.edu.br\/proddoc\/wp-json\/wp\/v2\/pages"}],"about":[{"href":"https:\/\/acervo.unipampa.edu.br\/proddoc\/wp-json\/wp\/v2\/types\/page"}],"author":[{"embeddable":true,"href":"https:\/\/acervo.unipampa.edu.br\/proddoc\/wp-json\/wp\/v2\/users\/5"}],"replies":[{"embeddable":true,"href":"https:\/\/acervo.unipampa.edu.br\/proddoc\/wp-json\/wp\/v2\/comments?post=41"}],"version-history":[{"count":42,"href":"https:\/\/acervo.unipampa.edu.br\/proddoc\/wp-json\/wp\/v2\/pages\/41\/revisions"}],"predecessor-version":[{"id":6751,"href":"https:\/\/acervo.unipampa.edu.br\/proddoc\/wp-json\/wp\/v2\/pages\/41\/revisions\/6751"}],"wp:attachment":[{"href":"https:\/\/acervo.unipampa.edu.br\/proddoc\/wp-json\/wp\/v2\/media?parent=41"}],"curies":[{"name":"wp","href":"https:\/\/api.w.org\/{rel}","templated":true}]}}