{"id":1657,"date":"2021-10-23T10:37:58","date_gmt":"2021-10-23T13:37:58","guid":{"rendered":"https:\/\/acervo.unipampa.edu.br\/proddoc\/?page_id=1657"},"modified":"2024-06-19T16:15:52","modified_gmt":"2024-06-19T19:15:52","slug":"historico-do-programa","status":"publish","type":"page","link":"https:\/\/acervo.unipampa.edu.br\/proddoc\/historico-do-programa\/","title":{"rendered":"Hist\u00f3rico do Programa"},"content":{"rendered":"<p style=\"text-align: justify\">No ano de 2012, iniciaram-se as atividades do <a href=\"https:\/\/www.facebook.com\/projetodigitalizacao\" target=\"_blank\" rel=\"noopener\"><strong>Projeto de Extens\u00e3o Cataloga\u00e7\u00e3o e Digitaliza\u00e7\u00e3o de Documenta\u00e7\u00e3o Hist\u00f3rica<\/strong><\/a> da <a href=\"https:\/\/unipampa.edu.br\/jaguarao\/\" target=\"_blank\" rel=\"noopener\"><strong>Universidade Federal do Pampa &#8211; Campus Jaguar\u00e3o<\/strong><\/a>. Esse projeto, ao longo do tempo, passou por diversas fases, at\u00e9 se consolidar como um programa de extens\u00e3o em 2019, tendo a capacidade de englobar m\u00faltiplos projetos e atender a diversas demandas relacionadas \u00e0 digitaliza\u00e7\u00e3o e cataloga\u00e7\u00e3o de acervos hist\u00f3ricos.<\/p>\n<p style=\"text-align: justify\">Para alcan\u00e7ar seus objetivos, a equipe do projeto contou com a participa\u00e7\u00e3o de professores, t\u00e9cnicos e alunos provenientes de diversas \u00e1reas acad\u00eamicas, incluindo hist\u00f3ria, letras, produ\u00e7\u00e3o cultural, biblioteconomia e tecnologia da informa\u00e7\u00e3o. Isso se deveu \u00e0 natureza interdisciplinar do projeto, que foi dividido em v\u00e1rias etapas.<\/p>\n<p style=\"text-align: justify\">A seguir, apresentaremos a evolu\u00e7\u00e3o hist\u00f3rica do Programa e seu desenvolvimento em cada per\u00edodo.<\/p>\n<p style=\"text-align: justify\"><strong>2012 \u2013 2014<\/strong><\/p>\n<p style=\"text-align: justify\"><strong>Atividades desenvolvidas:<\/strong><\/p>\n<ul style=\"text-align: justify\">\n<li>Cataloga\u00e7\u00e3o do acervo do Instituto Hist\u00f3rico e Geogr\u00e1fico de Jaguar\u00e3o, com \u00eanfase na cataloga\u00e7\u00e3o das Atas da C\u00e2mara de Vereadores de Jaguar\u00e3o datadas de 1845 a 1889, totalizando aproximadamente 1600 atas;<\/li>\n<li>Transcri\u00e7\u00e3o e publica\u00e7\u00e3o do livro \u201cAtas da C\u00e2mara de Vereadores de Jaguar\u00e3o (1845-1889)\u201d, o qual foi distribu\u00eddo nas escolas do munic\u00edpio;<\/li>\n<li>Aquisi\u00e7\u00e3o, por parte da Universidade Federal do Pampa, de um <em>scanner<\/em> de fabrica\u00e7\u00e3o alem\u00e3, modelo <em>Zeutschel OS12000<\/em>, que possibilitou a digitaliza\u00e7\u00e3o de documentos de grandes formatos at\u00e9 o tamanho A0, de 1189 mm de altura e 841 mm de largura, compreendendo uma \u00e1rea total de 1 m<sup>2<\/sup>. Esse scanner foi instalado na biblioteca do Campus Jaguar\u00e3o.<\/li>\n<\/ul>\n<p style=\"text-align: justify\"><strong>Equipe:<\/strong><\/p>\n<ul style=\"text-align: justify\">\n<li><strong>Coordenador:<\/strong>\n<ul>\n<li>Prof. Dr. Alexandre dos Santos Villas B\u00f4as<\/li>\n<\/ul>\n<\/li>\n<\/ul>\n<ul style=\"text-align: justify\">\n<li><strong>Colaboradores:<\/strong>\n<ul>\n<li>Alan Dutra de Melo<\/li>\n<li>Aline Rossales Sengik<\/li>\n<li>Brenda Sequeira<\/li>\n<li>Carina Marques Milano<\/li>\n<li>Carlos Garcia Rizon<\/li>\n<li>Tatiane Marques de Oliveira<\/li>\n<\/ul>\n<\/li>\n<\/ul>\n<ul style=\"text-align: justify\">\n<li><strong>Discentes:<\/strong>\n<ul>\n<li>Gesni Jos\u00e9 Bazareli Vaz<\/li>\n<li>Greyce Souza Lima<\/li>\n<li>Juliana Azambuja Danigno<\/li>\n<li>Let\u00edcia Mello de Souza Nascimento<\/li>\n<\/ul>\n<\/li>\n<\/ul>\n<p style=\"text-align: justify\"><strong>2015 &#8211; 2018<\/strong><\/p>\n<p style=\"text-align: justify\"><strong>Atividades desenvolvidas:<\/strong><\/p>\n<ul style=\"text-align: justify\">\n<li>Digitaliza\u00e7\u00e3o das Atas da C\u00e2mara de Vereadores de Jaguar\u00e3o registradas entre 1845 a 1889, e peri\u00f3dicos datados desde 1855, resultando em 1946 exemplares digitalizados.<\/li>\n<\/ul>\n<p style=\"text-align: justify\"><strong>Equipe:<\/strong><\/p>\n<ul style=\"text-align: justify\">\n<li><strong>Coordenadora:<\/strong>\n<ul>\n<li>Tatiane Marques de Oliveira<\/li>\n<\/ul>\n<\/li>\n<\/ul>\n<ul style=\"text-align: justify\">\n<li><strong>Colaboradores:<\/strong>\n<ul>\n<li>Alan Dutra de Melo<\/li>\n<li>Carina Marques Milano<\/li>\n<\/ul>\n<\/li>\n<\/ul>\n<ul style=\"text-align: justify\">\n<li><strong>Discentes:<\/strong>\n<ul>\n<li>Fabiane Mesquita Haudt<\/li>\n<li>Rafael Rosa da Silva<\/li>\n<\/ul>\n<\/li>\n<\/ul>\n<p style=\"text-align: justify\"><strong>2019<\/strong><\/p>\n<p style=\"text-align: justify\"><strong>Atividades desenvolvidas:<\/strong><\/p>\n<ul style=\"text-align: justify\">\n<li>O projeto evoluiu para um programa de extens\u00e3o;<\/li>\n<li>Cria\u00e7\u00e3o do grupo de pesquisa no CNPq denominado &#8220;Digitaliza\u00e7\u00e3o de Acervos Hist\u00f3ricos: desenvolvimento de processos para tratamento e processamento de imagens provenientes de arquivo digital&#8221;, com o objetivo de implementar a difus\u00e3o do arquivo digitalizado em um site de dom\u00ednio da Universidade Federal do Pampa.<\/li>\n<\/ul>\n<p style=\"text-align: justify\"><strong>Equipe:<\/strong><\/p>\n<ul style=\"text-align: justify\">\n<li><strong>Coordenador:<\/strong>\n<ul>\n<li>Prof. Dr. Alexandre dos Santos Villas B\u00f4as<\/li>\n<\/ul>\n<\/li>\n<\/ul>\n<ul style=\"text-align: justify\">\n<li><strong>Colaboradores:<\/strong>\n<ul>\n<li>Cristiane Silva Teixeira<\/li>\n<li>Tatiane Marques de Oliveira<\/li>\n<li>Vanessa Abreu Dias<\/li>\n<\/ul>\n<\/li>\n<\/ul>\n<ul style=\"text-align: justify\">\n<li><strong>Discentes:<\/strong>\n<ul>\n<li>Daniel Filipe Soares Souza<\/li>\n<li>Guilherme de Ara\u00fajo Pereira<\/li>\n<li>Nycole Schmitt Andrade<\/li>\n<\/ul>\n<\/li>\n<\/ul>\n<p style=\"text-align: justify\"><strong>2020<\/strong><\/p>\n<p style=\"text-align: justify\"><strong>Atividades desenvolvidas:<\/strong><\/p>\n<ul style=\"text-align: justify\">\n<li>Cria\u00e7\u00e3o da p\u00e1gina eletr\u00f4nica do programa no site da Unipampa.<\/li>\n<\/ul>\n<p style=\"text-align: justify\"><strong>Equipe:<\/strong><\/p>\n<ul style=\"text-align: justify\">\n<li><strong>Coordenador:<\/strong>\n<ul>\n<li>Prof. Dr. Alexandre dos Santos Villas B\u00f4as<\/li>\n<\/ul>\n<\/li>\n<\/ul>\n<ul style=\"text-align: justify\">\n<li><strong>Colaboradores:<\/strong>\n<ul>\n<li>Alan Dutra de Melo<\/li>\n<li>Tatiane Marques de Oliveira<\/li>\n<li>Vanessa Abreu Dias<\/li>\n<\/ul>\n<\/li>\n<\/ul>\n<ul style=\"text-align: justify\">\n<li><strong>Discentes:<\/strong>\n<ul>\n<li>Eduarda Fernandes Jaime Le\u00e3o<\/li>\n<li>\u00camily de Ara\u00fajo Edwards<\/li>\n<li>Nicolas Jorge Perez<\/li>\n<li>Vitor Luiz Soares Figueiredo<\/li>\n<\/ul>\n<\/li>\n<\/ul>\n<p style=\"text-align: justify\"><strong>2021<\/strong><\/p>\n<p style=\"text-align: justify\"><strong>Atividades desenvolvidas:<\/strong><\/p>\n<ul style=\"text-align: justify\">\n<li>Implanta\u00e7\u00e3o do software <em>Tainacan<\/em> para disponibiliza\u00e7\u00e3o do acervo digital online;<\/li>\n<li>Lan\u00e7amento do reposit\u00f3rio digital na p\u00e1gina do programa.<\/li>\n<\/ul>\n<p style=\"text-align: justify\"><strong>Equipe:<\/strong><\/p>\n<ul style=\"text-align: justify\">\n<li><strong>Coordenador:<\/strong>\n<ul>\n<li>Prof. Dr. Alexandre dos Santos Villas B\u00f4as<\/li>\n<\/ul>\n<\/li>\n<\/ul>\n<ul style=\"text-align: justify\">\n<li><strong>Colaboradores:<\/strong>\n<ul>\n<li>Alan Dutra de Melo<\/li>\n<li>Tatiane Marques de Oliveira<\/li>\n<li>Vanessa Abreu Dias<\/li>\n<\/ul>\n<\/li>\n<\/ul>\n<ul style=\"text-align: justify\">\n<li><strong>Discentes:<\/strong>\n<ul>\n<li>Andressa Rodriguez Magalh\u00e3es<\/li>\n<li>Vitor Luiz Soares Figueiredo<\/li>\n<\/ul>\n<\/li>\n<\/ul>\n<p style=\"text-align: justify\"><strong>2022<\/strong><\/p>\n<p style=\"text-align: justify\"><strong>Atividades desenvolvidas:<\/strong><\/p>\n<ul style=\"text-align: justify\">\n<li>Cataloga\u00e7\u00e3o e disponibiliza\u00e7\u00e3o do reposit\u00f3rio digital na p\u00e1gina do programa.<\/li>\n<\/ul>\n<p style=\"text-align: justify\"><strong>Equipe:<\/strong><\/p>\n<ul style=\"text-align: justify\">\n<li><strong>Coordenador:<\/strong>\n<ul>\n<li>Prof. Dr. Alexandre dos Santos Villas B\u00f4as<\/li>\n<\/ul>\n<\/li>\n<\/ul>\n<ul style=\"text-align: justify\">\n<li><strong>Colaboradores:<\/strong>\n<ul>\n<li>Alan Dutra de Melo<\/li>\n<li>Tatiane Marques de Oliveira<\/li>\n<li>Vanessa Abreu Dias<\/li>\n<\/ul>\n<\/li>\n<\/ul>\n<ul style=\"text-align: justify\">\n<li><strong>Discentes:<\/strong>\n<ul>\n<li>Herica Diniz Caetano<\/li>\n<li>Let\u00edcia Asami Makino<\/li>\n<\/ul>\n<\/li>\n<\/ul>\n<p style=\"text-align: justify\"><strong>2023<\/strong><\/p>\n<p style=\"text-align: justify\"><strong>Atividades desenvolvidas:<\/strong><\/p>\n<ul style=\"text-align: justify\">\n<li>Digitaliza\u00e7\u00e3o do acervo do peri\u00f3dico \u201cA Situa\u00e7\u00e3o\u201d, que serviu <span style=\"font-weight: 400\">como notici\u00e1rio oficial do Partido Republicano, sendo publicado do in\u00edcio do s\u00e9culo XX, at\u00e9 meados da d\u00e9cada de 1930, em Jaguar\u00e3o\/RS<\/span>;<\/li>\n<li>Cataloga\u00e7\u00e3o e disponibiliza\u00e7\u00e3o do reposit\u00f3rio digital na p\u00e1gina do programa;<\/li>\n<li>Difus\u00e3o do<span style=\"font-weight: 400\"> acesso ao acervo produzido;<\/span><\/li>\n<li>Publica\u00e7\u00e3o de artigos em revistas acad\u00eamicas e cient\u00edficas;<\/li>\n<li>Apresenta\u00e7\u00e3o de pain\u00e9is em eventos acad\u00eamicos e cient\u00edficos;<\/li>\n<li>Divulga\u00e7\u00e3o do Programa em <em>sites<\/em> e nas redes sociais.<\/li>\n<\/ul>\n<p style=\"text-align: justify\"><strong>Equipe:<\/strong><\/p>\n<ul style=\"text-align: justify\">\n<li><strong>Coordenador:<\/strong>\n<ul>\n<li>Prof. Dr. Alexandre dos Santos Villas B\u00f4as<\/li>\n<\/ul>\n<\/li>\n<\/ul>\n<ul style=\"text-align: justify\">\n<li><strong>Colaboradores:<\/strong>\n<ul>\n<li>Alan Dutra de Melo<\/li>\n<li>Tatiane Marques de Oliveira<\/li>\n<li>Vanessa Abreu Dias<\/li>\n<\/ul>\n<\/li>\n<\/ul>\n<ul style=\"text-align: justify\">\n<li><strong>Discentes:<\/strong>\n<ul>\n<li>Cl\u00e1udia dos Santos<\/li>\n<li>Isadora Cabreira da Silva<\/li>\n<\/ul>\n<\/li>\n<\/ul>\n<p style=\"text-align: justify\"><strong>2024<\/strong><\/p>\n<p style=\"text-align: justify\"><strong>Atividades desenvolvidas:<\/strong><\/p>\n<ul style=\"text-align: justify\">\n<li>Digitaliza\u00e7\u00e3o de acervos;<\/li>\n<li>Cataloga\u00e7\u00e3o e disponibiliza\u00e7\u00e3o do reposit\u00f3rio digital na p\u00e1gina do programa;<\/li>\n<li>Difus\u00e3o do<span style=\"font-weight: 400\"> acesso ao acervo produzido;<\/span><\/li>\n<li>Publica\u00e7\u00e3o de artigos em revistas acad\u00eamicas e cient\u00edficas;<\/li>\n<li>Apresenta\u00e7\u00e3o de pain\u00e9is em eventos acad\u00eamicos e cient\u00edficos;<\/li>\n<li>Divulga\u00e7\u00e3o do Programa em <em>sites<\/em> e nas redes sociais.<\/li>\n<\/ul>\n<p style=\"text-align: justify\"><strong>Equipe:<\/strong><\/p>\n<ul style=\"text-align: justify\">\n<li><strong>Coordenador:<\/strong>\n<ul>\n<li>Prof. Dr. Alexandre dos Santos Villas B\u00f4as<\/li>\n<\/ul>\n<\/li>\n<\/ul>\n<ul style=\"text-align: justify\">\n<li><strong>Colaboradores:<\/strong>\n<ul>\n<li>Alan Dutra de Melo<\/li>\n<li>Tatiane Marques de Oliveira<\/li>\n<li>Vanessa Abreu Dias<\/li>\n<\/ul>\n<\/li>\n<\/ul>\n<ul style=\"text-align: justify\">\n<li><strong>Discente:<\/strong>\n<ul>\n<li>Cl\u00e1udia dos Santos<\/li>\n<\/ul>\n<\/li>\n<\/ul>\n<p style=\"text-align: justify\">\n","protected":false},"excerpt":{"rendered":"<p>No ano de 2012, iniciaram-se as atividades do Projeto de Extens\u00e3o Cataloga\u00e7\u00e3o e Digitaliza\u00e7\u00e3o de Documenta\u00e7\u00e3o Hist\u00f3rica da Universidade Federal do Pampa &#8211; Campus Jaguar\u00e3o. Esse projeto, ao longo do tempo, passou por diversas fases, at\u00e9 se consolidar como um programa de extens\u00e3o em 2019, tendo a capacidade de englobar m\u00faltiplos projetos e atender a [&hellip;]<\/p>\n","protected":false},"author":5,"featured_media":0,"parent":0,"menu_order":0,"comment_status":"closed","ping_status":"closed","template":"","meta":{"footnotes":""},"_links":{"self":[{"href":"https:\/\/acervo.unipampa.edu.br\/proddoc\/wp-json\/wp\/v2\/pages\/1657"}],"collection":[{"href":"https:\/\/acervo.unipampa.edu.br\/proddoc\/wp-json\/wp\/v2\/pages"}],"about":[{"href":"https:\/\/acervo.unipampa.edu.br\/proddoc\/wp-json\/wp\/v2\/types\/page"}],"author":[{"embeddable":true,"href":"https:\/\/acervo.unipampa.edu.br\/proddoc\/wp-json\/wp\/v2\/users\/5"}],"replies":[{"embeddable":true,"href":"https:\/\/acervo.unipampa.edu.br\/proddoc\/wp-json\/wp\/v2\/comments?post=1657"}],"version-history":[{"count":24,"href":"https:\/\/acervo.unipampa.edu.br\/proddoc\/wp-json\/wp\/v2\/pages\/1657\/revisions"}],"predecessor-version":[{"id":6733,"href":"https:\/\/acervo.unipampa.edu.br\/proddoc\/wp-json\/wp\/v2\/pages\/1657\/revisions\/6733"}],"wp:attachment":[{"href":"https:\/\/acervo.unipampa.edu.br\/proddoc\/wp-json\/wp\/v2\/media?parent=1657"}],"curies":[{"name":"wp","href":"https:\/\/api.w.org\/{rel}","templated":true}]}}